{"id":15,"date":"2011-05-13T18:33:29","date_gmt":"2011-05-13T16:33:29","guid":{"rendered":"http:\/\/jkgrp.de\/?page_id=15"},"modified":"2012-11-29T16:50:34","modified_gmt":"2012-11-29T14:50:34","slug":"kontakt","status":"publish","type":"page","link":"https:\/\/www.jkgrp.de\/?page_id=15","title":{"rendered":"Nachrichten \u00fcber Juden in der Pfalz"},"content":{"rendered":"<span style=\"color: #000000; font-weight: bold;margin: 0 0 0.8125em;\">Earlier<\/span><div class=\"rss-output\" style=\"float:\"><div class=\"title\"><span style=\"font-size:16px; font-weight:400;\"><a class=\"colorbox\" href=\"https:\/\/news.google.com\/rss\/articles\/CBMi1wFBVV95cUxPOGlOLTY5LU9wYURXbV82QWxJcnVKVmNaaVQxNnZUSDQwM3NLNFpPdDBmVVlvaUJrSXJIVUUxYVNnRkx2c0g4RWZkWTJsS1dpY0EyTDB4SFJ6bW1xUGFCcWhQaE1xWmhJN3dNVXc4ZVpWdVlVZ1hmdGRrSGItR3hOX0Q3RzFYMV8xMFFoWkRubUVWcTZwNXBfOVozYkowMkNSQmpJR2pqMTMzcVBmMU44S3RPci1OZGs0ZHZ5NlRuLTFINmRvcUhZOWJmdk9UNmV0VWFKeTM3MA?oc=5\"  style=\"color:\">Rheinland-Pfalz: J\u00fcdischer Friedhof Mainz: Judensand ist nun ohne Anmeldung zug\u00e4nglich - tagesschau.de<\/a><\/span><\/div><div class=\"body\">Rheinland-Pfalz: J\u00fcdischer Friedhof Mainz: Judensand ist nun ohne Anmeldung zug\u00e4nglich  tagesschau.de <a href=\"https:\/\/news.google.com\/rss\/articles\/CBMi1wFBVV95cUxPOGlOLTY5LU9wYURXbV82QWxJcnVKVmNaaVQxNnZUSDQwM3NLNFpPdDBmVVlvaUJrSXJIVUUxYVNnRkx2c0g4RWZkWTJsS1dpY0EyTDB4SFJ6bW1xUGFCcWhQaE1xWmhJN3dNVXc4ZVpWdVlVZ1hmdGRrSGItR3hOX0Q3RzFYMV8xMFFoWkRubUVWcTZwNXBfOVozYkowMkNSQmpJR2pqMTMzcVBmMU44S3RPci1OZGs0ZHZ5NlRuLTFINmRvcUhZOWJmdk9UNmV0VWFKeTM3MA?oc=5\" class=\"colorbox\" >[...]<\/a><\/div><span class=\"date\" style=\"font-style:italic;\">Sa., Sep. 05, 2026<\/span><br \/><span class=\"source\" style=\"font-style:italic;\">Source: J\u00fcdisch<\/span><\/div><div class=\"rss-output\" style=\"float:\"><div class=\"title\"><span style=\"font-size:16px; font-weight:400;\"><a class=\"colorbox\" href=\"https:\/\/news.google.com\/rss\/articles\/CBMi2wFBVV95cUxNRmZkQVVNYzU1SmVJWnlIX192TWYteEVuX3VkbHZnVGppMnQ2VGZrY001ekRmMnNFOTRxamlDWXQ0bXh1OXdPa1NIZjF1Q2Z1ZnlzQmo1OEVWRy1lajg0dE56b3QwMXBtd0RIVk9ORHhfYndVWURteUpZUm0zSXpYb3ZUdUNjbDU0YUs4QUZhQlBtaGlmNlBhNUZZUURCSGlqb1dpWmoyUi1lcmo3NHpJMTV0RVNySkE3Z2Z2X29ZZ09Fbl9zenM3emJFSjdOR1NPa2JPTG9nR25va1E?oc=5\"  style=\"color:\">J\u00fc\u00addi\u00adsches Leben: Lo\u00adkal\u00adhis\u00adto\u00adri\u00adscher Rund\u00adgang durch Bobenheim-\u200bRoxheim - Die Rheinpfalz<\/a><\/span><\/div><div class=\"body\">J\u00fc\u00addi\u00adsches Leben: Lo\u00adkal\u00adhis\u00adto\u00adri\u00adscher Rund\u00adgang durch Bobenheim-\u200bRoxheim  Die Rheinpfalz <a href=\"https:\/\/news.google.com\/rss\/articles\/CBMi2wFBVV95cUxNRmZkQVVNYzU1SmVJWnlIX192TWYteEVuX3VkbHZnVGppMnQ2VGZrY001ekRmMnNFOTRxamlDWXQ0bXh1OXdPa1NIZjF1Q2Z1ZnlzQmo1OEVWRy1lajg0dE56b3QwMXBtd0RIVk9ORHhfYndVWURteUpZUm0zSXpYb3ZUdUNjbDU0YUs4QUZhQlBtaGlmNlBhNUZZUURCSGlqb1dpWmoyUi1lcmo3NHpJMTV0RVNySkE3Z2Z2X29ZZ09Fbl9zenM3emJFSjdOR1NPa2JPTG9nR25va1E?oc=5\" class=\"colorbox\" >[...]<\/a><\/div><span class=\"date\" style=\"font-style:italic;\">Mi., Sep. 02, 2026<\/span><br \/><span class=\"source\" style=\"font-style:italic;\">Source: J\u00fcdisch<\/span><\/div><div class=\"rss-output\" style=\"float:\"><div class=\"title\"><span style=\"font-size:16px; font-weight:400;\"><a class=\"colorbox\" href=\"https:\/\/news.google.com\/rss\/articles\/CBMiowFBVV95cUxNc29WNnpER19FVkFwLURENEtXeE5pN2hzYjB5VWVXSXEzVkNaN3F5aUF3Z3RPUkhCaDJMTnVuZExFWkRnWXMxRHdabmpEbDcybzRJVmQ0Y3JXRTBjVUpreTZBT0FDUWowZEt0S0VrWjJ2RDhTTHRCZVQ4NFYyRjVDYVl4dU5NY2hjYkstVHdlaWRDWmpFVDNxb1VIQVliSWM5aWl3?oc=5\"  style=\"color:\">Besucherzentrum an Welterbe-Friedhof \u00f6ffnet seine T\u00fcren - J\u00fcdische Allgemeine<\/a><\/span><\/div><div class=\"body\">Besucherzentrum an Welterbe-Friedhof \u00f6ffnet seine T\u00fcren  J\u00fcdische Allgemeine <a href=\"https:\/\/news.google.com\/rss\/articles\/CBMiowFBVV95cUxNc29WNnpER19FVkFwLURENEtXeE5pN2hzYjB5VWVXSXEzVkNaN3F5aUF3Z3RPUkhCaDJMTnVuZExFWkRnWXMxRHdabmpEbDcybzRJVmQ0Y3JXRTBjVUpreTZBT0FDUWowZEt0S0VrWjJ2RDhTTHRCZVQ4NFYyRjVDYVl4dU5NY2hjYkstVHdlaWRDWmpFVDNxb1VIQVliSWM5aWl3?oc=5\" class=\"colorbox\" >[...]<\/a><\/div><span class=\"date\" style=\"font-style:italic;\">Di., Sep. 01, 2026<\/span><br \/><span class=\"source\" style=\"font-style:italic;\">Source: Juden in der Pfalz<\/span><\/div><div class=\"rss-output\" style=\"float:\"><div class=\"title\"><span style=\"font-size:16px; font-weight:400;\"><a class=\"colorbox\" href=\"https:\/\/news.google.com\/rss\/articles\/CBMizAFBVV95cUxPOHp5VGZ3UWY5VW9XUWFuLWlyLWh2dFVaM3hwZkNKUnluNXBha3ZiSV8yLUh1eEwwam9nZlZCbDBsa3ZBMzhDMjEzNU9FQkR5QkJzZnJ2VTdNQzhFSkVmTWZDODhRaXREOHlSMkZMODNfVU9tR3RNRnZjWEJRQnZvQnNycVEtVC1Id3ozMVF5Qld6LUJTOUNGZ2cyT19JMElhdm1CeVM5blQxcFhMU2syMXhuY2ZQbUdUMGw0S3E0eDg1MjRPV2VGWWhEZGo?oc=5\"  style=\"color:\">F\u00fcnf Jahre Welt\u00aderbe: \u201eIn\u00adter\u00ades\u00adse am Ju\u00adden\u00adhof deut\u00adlich ge\u00adwach\u00adsen\u201c - Die Rheinpfalz<\/a><\/span><\/div><div class=\"body\">F\u00fcnf Jahre Welt\u00aderbe: \u201eIn\u00adter\u00ades\u00adse am Ju\u00adden\u00adhof deut\u00adlich ge\u00adwach\u00adsen\u201c  Die Rheinpfalz <a href=\"https:\/\/news.google.com\/rss\/articles\/CBMizAFBVV95cUxPOHp5VGZ3UWY5VW9XUWFuLWlyLWh2dFVaM3hwZkNKUnluNXBha3ZiSV8yLUh1eEwwam9nZlZCbDBsa3ZBMzhDMjEzNU9FQkR5QkJzZnJ2VTdNQzhFSkVmTWZDODhRaXREOHlSMkZMODNfVU9tR3RNRnZjWEJRQnZvQnNycVEtVC1Id3ozMVF5Qld6LUJTOUNGZ2cyT19JMElhdm1CeVM5blQxcFhMU2syMXhuY2ZQbUdUMGw0S3E0eDg1MjRPV2VGWWhEZGo?oc=5\" class=\"colorbox\" >[...]<\/a><\/div><span class=\"date\" style=\"font-style:italic;\">Mo., Juli 27, 2026<\/span><br \/><span class=\"source\" style=\"font-style:italic;\">Source: Juden in der Pfalz<\/span><\/div><div class=\"rss-output\" style=\"float:\"><div class=\"title\"><span style=\"font-size:16px; font-weight:400;\"><a class=\"colorbox\" href=\"https:\/\/news.google.com\/rss\/articles\/CBMi-wFBVV95cUxOV1pfMGR0aHBkSDQzU3ptbWVJZlhOUDFDWUxyblFDXzh4OUhqZm9pbmFVVk5Oc0o0QnhTdEtaWDJOQ3hjcEJmWFRlUW1NSF9YWGVfQlBQcVJ5aGM3dXlyVElXVkNvWVBFTENnX2Q1cERiZHp3OU1HbmFPS3R6X0xfSkwySE5aaTFGWi1kd0FWN2xoblFiWm9MRFFmUjhtWjZJWG1mV0tUY2hnRkZpcVFKOTFBVGVMdlNOOW50ekxWNEdieU01WVE5SWV0RXdRRTRfNF9ZNE5UdjNjc045R2otaXdnbjFiTVU5R0lsUmk1OHhfeEFpa2J3S0tGcw?oc=5\"  style=\"color:\">Unesco-Welterbe feiert Geburtstag: So erinnern die SchUM-St\u00e4tten an ihr j\u00fcdisches Erbe - SWR<\/a><\/span><\/div><div class=\"body\">Unesco-Welterbe feiert Geburtstag: So erinnern die SchUM-St\u00e4tten an ihr j\u00fcdisches Erbe  SWR <a href=\"https:\/\/news.google.com\/rss\/articles\/CBMi-wFBVV95cUxOV1pfMGR0aHBkSDQzU3ptbWVJZlhOUDFDWUxyblFDXzh4OUhqZm9pbmFVVk5Oc0o0QnhTdEtaWDJOQ3hjcEJmWFRlUW1NSF9YWGVfQlBQcVJ5aGM3dXlyVElXVkNvWVBFTENnX2Q1cERiZHp3OU1HbmFPS3R6X0xfSkwySE5aaTFGWi1kd0FWN2xoblFiWm9MRFFmUjhtWjZJWG1mV0tUY2hnRkZpcVFKOTFBVGVMdlNOOW50ekxWNEdieU01WVE5SWV0RXdRRTRfNF9ZNE5UdjNjc045R2otaXdnbjFiTVU5R0lsUmk1OHhfeEFpa2J3S0tGcw?oc=5\" class=\"colorbox\" >[...]<\/a><\/div><span class=\"date\" style=\"font-style:italic;\">So., Juli 26, 2026<\/span><br \/><span class=\"source\" style=\"font-style:italic;\">Source: Juden in der Pfalz<\/span><\/div><div class=\"rss-output\" style=\"float:\"><div class=\"title\"><span style=\"font-size:16px; font-weight:400;\"><a class=\"colorbox\" href=\"https:\/\/news.google.com\/rss\/articles\/CBMi-wFBVV95cUxOV1pfMGR0aHBkSDQzU3ptbWVJZlhOUDFDWUxyblFDXzh4OUhqZm9pbmFVVk5Oc0o0QnhTdEtaWDJOQ3hjcEJmWFRlUW1NSF9YWGVfQlBQcVJ5aGM3dXlyVElXVkNvWVBFTENnX2Q1cERiZHp3OU1HbmFPS3R6X0xfSkwySE5aaTFGWi1kd0FWN2xoblFiWm9MRFFmUjhtWjZJWG1mV0tUY2hnRkZpcVFKOTFBVGVMdlNOOW50ekxWNEdieU01WVE5SWV0RXdRRTRfNF9ZNE5UdjNjc045R2otaXdnbjFiTVU5R0lsUmk1OHhfeEFpa2J3S0tGcw?oc=5\"  style=\"color:\">Unesco-Welterbe feiert Geburtstag: So erinnern die SchUM-St\u00e4tten an ihr j\u00fcdisches Erbe - SWR<\/a><\/span><\/div><div class=\"body\">Unesco-Welterbe feiert Geburtstag: So erinnern die SchUM-St\u00e4tten an ihr j\u00fcdisches Erbe  SWR <a href=\"https:\/\/news.google.com\/rss\/articles\/CBMi-wFBVV95cUxOV1pfMGR0aHBkSDQzU3ptbWVJZlhOUDFDWUxyblFDXzh4OUhqZm9pbmFVVk5Oc0o0QnhTdEtaWDJOQ3hjcEJmWFRlUW1NSF9YWGVfQlBQcVJ5aGM3dXlyVElXVkNvWVBFTENnX2Q1cERiZHp3OU1HbmFPS3R6X0xfSkwySE5aaTFGWi1kd0FWN2xoblFiWm9MRFFmUjhtWjZJWG1mV0tUY2hnRkZpcVFKOTFBVGVMdlNOOW50ekxWNEdieU01WVE5SWV0RXdRRTRfNF9ZNE5UdjNjc045R2otaXdnbjFiTVU5R0lsUmk1OHhfeEFpa2J3S0tGcw?oc=5\" class=\"colorbox\" >[...]<\/a><\/div><span class=\"date\" style=\"font-style:italic;\">So., Juli 26, 2026<\/span><br \/><span class=\"source\" style=\"font-style:italic;\">Source: J\u00fcdisch<\/span><\/div><div class=\"rss-output\" style=\"float:\"><div class=\"title\"><span style=\"font-size:16px; font-weight:400;\"><a class=\"colorbox\" href=\"https:\/\/news.google.com\/rss\/articles\/CBMi5AFBVV95cUxQdDd1cTdRYjA1YVNidmRYbnZJcDVxY0JyRVcxRmVJZEhvX2E0bXAwdzNHV2JFMmhrQzZLNS1iQmpMUWw0TlNtWFoyVmNBVUFaUV9MQUJMc3JoWjJheHFueGotVGpWQlluY01Ja1NKR2FtVW5zYzdOZlRJZmhFRGpOR2N6STJyN3JPa3g2TVBSYlVNc3Q5dFNNdWFIUnVJcXdLdGRtWmxEMzFnc1l5QUFaRnd4U1YzNWt3Q2hMeVlkZF9OLXd5ZHI0V0psc1d4anBXN0lRU0ZQY2N0Z2o3aENFMERBVnE?oc=5\"  style=\"color:\">J\u00fc\u00addi\u00adsches Ge\u00adden\u00adken in Fran\u00adken\u00adthal: Neue Stol\u00adper\u00adstei\u00adne und Plexiglas-\u200bStelen - Die Rheinpfalz<\/a><\/span><\/div><div class=\"body\">J\u00fc\u00addi\u00adsches Ge\u00adden\u00adken in Fran\u00adken\u00adthal: Neue Stol\u00adper\u00adstei\u00adne und Plexiglas-\u200bStelen  Die Rheinpfalz <a href=\"https:\/\/news.google.com\/rss\/articles\/CBMi5AFBVV95cUxQdDd1cTdRYjA1YVNidmRYbnZJcDVxY0JyRVcxRmVJZEhvX2E0bXAwdzNHV2JFMmhrQzZLNS1iQmpMUWw0TlNtWFoyVmNBVUFaUV9MQUJMc3JoWjJheHFueGotVGpWQlluY01Ja1NKR2FtVW5zYzdOZlRJZmhFRGpOR2N6STJyN3JPa3g2TVBSYlVNc3Q5dFNNdWFIUnVJcXdLdGRtWmxEMzFnc1l5QUFaRnd4U1YzNWt3Q2hMeVlkZF9OLXd5ZHI0V0psc1d4anBXN0lRU0ZQY2N0Z2o3aENFMERBVnE?oc=5\" class=\"colorbox\" >[...]<\/a><\/div><span class=\"date\" style=\"font-style:italic;\">Mi., Juli 22, 2026<\/span><br \/><span class=\"source\" style=\"font-style:italic;\">Source: J\u00fcdisch<\/span><\/div><div class=\"rss-output\" style=\"float:\"><div class=\"title\"><span style=\"font-size:16px; font-weight:400;\"><a class=\"colorbox\" href=\"https:\/\/news.google.com\/rss\/articles\/CBMimAFBVV95cUxOVjlZblpubVdRVi1ZOTdpbHY2UEEyRUR5X1BoNUNvb1ppRUlpVEVjYTJwbTdIOE5JUVZQdzdldmx0cmMtaXJHUnpJQ2k0T1NsZjhCZkd0X1Z4TE1QNGp4R2V3U2UyYmZoZUVZWjYzem0zcGp1UjQ1VjlKYVdNbjZKdmtHbW5MNTVlSW1uMkZqTVB3SkRZa2p1aA?oc=5\"  style=\"color:\">02.06.2026, Vortrag: J\u00fcdisches Leben in Deutschland - Konrad-Adenauer-Stiftung<\/a><\/span><\/div><div class=\"body\">02.06.2026, Vortrag: J\u00fcdisches Leben in Deutschland  Konrad-Adenauer-Stiftung <a href=\"https:\/\/news.google.com\/rss\/articles\/CBMimAFBVV95cUxOVjlZblpubVdRVi1ZOTdpbHY2UEEyRUR5X1BoNUNvb1ppRUlpVEVjYTJwbTdIOE5JUVZQdzdldmx0cmMtaXJHUnpJQ2k0T1NsZjhCZkd0X1Z4TE1QNGp4R2V3U2UyYmZoZUVZWjYzem0zcGp1UjQ1VjlKYVdNbjZKdmtHbW5MNTVlSW1uMkZqTVB3SkRZa2p1aA?oc=5\" class=\"colorbox\" >[...]<\/a><\/div><span class=\"date\" style=\"font-style:italic;\">Di., Juni 02, 2026<\/span><br \/><span class=\"source\" style=\"font-style:italic;\">Source: Juden in der Pfalz<\/span><\/div>\n<p>\u00c4ltere Mitteilungen \u00fcber unsere Gemeinde:<br \/>\n<a target=\"_neu\" href='http:\/\/www.jkgrp.de\/wp-content\/uploads\/2011\/05\/JuedischeFriedhoefeAlsGeschichteBewahren.pdf'>Juedische Friedhoefe Als Geschichte Bewahren<\/a><\/p>\n<p><a target=\"_neu\" href='http:\/\/www.jkgrp.de\/wp-content\/uploads\/2011\/05\/Neustadt-FastEinSchlagabtausch.pdf'>Neustadt-Fast Ein Schlagabtausch<\/a><\/p>\n<p><a target=\"_neu\" href='http:\/\/www.jkgrp.de\/wp-content\/uploads\/2011\/05\/HoffenAufEinSuessesJahr.pdf'>Hoffen Auf Ein Suesses Jahr<\/a><\/p>\n<p><a target=\"_neu\"  href='http:\/\/www.jkgrp.de\/wp-content\/uploads\/2011\/05\/2000EuroBelohnungAngesetzt.pdf'>2000 Euro Belohnung Angesetzt<\/a><\/p>\n<p><a target=\"_neu\" href='http:\/\/www.jkgrp.de\/wp-content\/uploads\/2011\/05\/JuedischeGemeindeEntruestetUndSprachlos.pdf'>Juedische Gemeinde Entruestet Und Sprachlos<\/a><\/p>\n<p><a target=\"_neu\"  href='http:\/\/www.jkgrp.de\/wp-content\/uploads\/2011\/05\/StrebenNachVerst\u00e4ndnisUndToleranz.pdf'>Streben Nach Verst\u00e4ndnis Und Toleranz<\/a><\/p>\n<p><a target=\"_neu\" href='http:\/\/www.jkgrp.de\/wp-content\/uploads\/2011\/05\/ErinnernGrossGeschrieben.pdf'>Erinnern Gross Geschrieben<\/a><\/p>\n","protected":false},"excerpt":{"rendered":"<p>\u00c4ltere Mitteilungen \u00fcber unsere Gemeinde: Juedische Friedhoefe Als Geschichte Bewahren Neustadt-Fast Ein Schlagabtausch Hoffen Auf Ein Suesses Jahr 2000 Euro Belohnung Angesetzt Juedische Gemeinde Entruestet Und Sprachlos Streben Nach Verst\u00e4ndnis Und Toleranz Erinnern Gross Geschrieben<\/p>\n","protected":false},"author":1,"featured_media":0,"parent":13,"menu_order":0,"comment_status":"closed","ping_status":"closed","template":"page-nosidebar.php","meta":{"footnotes":""},"class_list":["post-15","page","type-page","status-publish","hentry"],"_links":{"self":[{"href":"https:\/\/www.jkgrp.de\/index.php?rest_route=\/wp\/v2\/pages\/15","targetHints":{"allow":["GET"]}}],"collection":[{"href":"https:\/\/www.jkgrp.de\/index.php?rest_route=\/wp\/v2\/pages"}],"about":[{"href":"https:\/\/www.jkgrp.de\/index.php?rest_route=\/wp\/v2\/types\/page"}],"author":[{"embeddable":true,"href":"https:\/\/www.jkgrp.de\/index.php?rest_route=\/wp\/v2\/users\/1"}],"replies":[{"embeddable":true,"href":"https:\/\/www.jkgrp.de\/index.php?rest_route=%2Fwp%2Fv2%2Fcomments&post=15"}],"version-history":[{"count":13,"href":"https:\/\/www.jkgrp.de\/index.php?rest_route=\/wp\/v2\/pages\/15\/revisions"}],"predecessor-version":[{"id":720,"href":"https:\/\/www.jkgrp.de\/index.php?rest_route=\/wp\/v2\/pages\/15\/revisions\/720"}],"up":[{"embeddable":true,"href":"https:\/\/www.jkgrp.de\/index.php?rest_route=\/wp\/v2\/pages\/13"}],"wp:attachment":[{"href":"https:\/\/www.jkgrp.de\/index.php?rest_route=%2Fwp%2Fv2%2Fmedia&parent=15"}],"curies":[{"name":"wp","href":"https:\/\/api.w.org\/{rel}","templated":true}]}}